{"id":69857,"date":"2024-03-22T18:40:47","date_gmt":"2024-03-22T17:40:47","guid":{"rendered":"https:\/\/abinox-chr-clim.com\/index.php\/product\/etagere-murale-metallique-vogue-910mm\/"},"modified":"2026-04-24T09:25:36","modified_gmt":"2026-04-24T07:25:36","slug":"etagere-murale-metallique-vogue-910mm","status":"publish","type":"product","link":"https:\/\/abinox-chr-clim.com\/index.php\/product\/etagere-murale-metallique-vogue-910mm\/","title":{"rendered":"Etag\u00e8re murale m\u00e9tallique Vogue 910mm"},"content":{"rendered":"<p>\u00c9tag\u00e8re polyvalente en fil d&rsquo;acier recouvert de nickel chrome pour favoriser la circulation de l&rsquo;air, id\u00e9ale pour ranger les casseroles et autres \u00e9quipements. Capacit\u00e9 de charge maximale 30 kg. Livr\u00e9e avec supports.<br \/>L&rsquo;installation d&rsquo;une \u00e9tag\u00e8re murale m\u00e9tallique lib\u00e8re de l&rsquo;espace de rangement dans vos armoires. L&rsquo;\u00e9tag\u00e8re en acier chrom\u00e9 est facile \u00e0 nettoyer et hygi\u00e9nique. La conception robuste peut supporter des charges allant jusqu&rsquo;\u00e0 30 kg pour contenir vos ustensiles de cuisine les plus utilis\u00e9s. R\u00e9f\u00e9rence soumise \u00e0 une Eco-participation mobilier de 0.2\u20ac par unit\u00e9 vendue. Livr\u00e9e avec deux supports muraux pour un montage facile sur le mur de votre cuisine.Les \u00e9tag\u00e8res murales en treillis m\u00e9tallique permettent la circulation de l&rsquo;air pour aider vos casseroles et po\u00eales \u00e0 s\u00e9cher. R\u00e9f\u00e9rence soumise \u00e0 une Eco-participation mobilier de 0,16\u20ac par unit\u00e9 vendue. L&rsquo;installation d&rsquo;une \u00e9tag\u00e8re murale m\u00e9tallique lib\u00e8re de l&rsquo;espace de rangement dans vos armoires.<\/p>\n<p>Caract\u00e9ristiques :<br \/> Dimensions : 910(L) x 360(P) mm.<br \/> Mati\u00e8re : Acier chrom\u00e9<\/p>\n","protected":false},"excerpt":{"rendered":"<p>Etag\u00e8re murale m\u00e9tallique Vogue 910mm<\/p>\n","protected":false},"featured_media":98347,"comment_status":"closed","ping_status":"closed","template":"","meta":[],"product_brand":[],"product_cat":[1147,1153,1146,1297],"product_tag":[],"class_list":{"0":"post-69857","1":"product","2":"type-product","3":"status-publish","4":"has-post-thumbnail","6":"product_cat-chariots-et-rayonnages","7":"product_cat-etageres-murales-et-placards","8":"product_cat-mobilier-de-cuisine-chariots-et-echelles","9":"product_cat-non-palettisable","10":"product_shipping_class-free-shipping","12":"first","13":"instock","14":"featured","15":"taxable","16":"shipping-taxable","17":"purchasable","18":"product-type-simple"},"_links":{"self":[{"href":"https:\/\/abinox-chr-clim.com\/index.php\/wp-json\/wp\/v2\/product\/69857","targetHints":{"allow":["GET"]}}],"collection":[{"href":"https:\/\/abinox-chr-clim.com\/index.php\/wp-json\/wp\/v2\/product"}],"about":[{"href":"https:\/\/abinox-chr-clim.com\/index.php\/wp-json\/wp\/v2\/types\/product"}],"replies":[{"embeddable":true,"href":"https:\/\/abinox-chr-clim.com\/index.php\/wp-json\/wp\/v2\/comments?post=69857"}],"wp:featuredmedia":[{"embeddable":true,"href":"https:\/\/abinox-chr-clim.com\/index.php\/wp-json\/wp\/v2\/media\/98347"}],"wp:attachment":[{"href":"https:\/\/abinox-chr-clim.com\/index.php\/wp-json\/wp\/v2\/media?parent=69857"}],"wp:term":[{"taxonomy":"product_brand","embeddable":true,"href":"https:\/\/abinox-chr-clim.com\/index.php\/wp-json\/wp\/v2\/product_brand?post=69857"},{"taxonomy":"product_cat","embeddable":true,"href":"https:\/\/abinox-chr-clim.com\/index.php\/wp-json\/wp\/v2\/product_cat?post=69857"},{"taxonomy":"product_tag","embeddable":true,"href":"https:\/\/abinox-chr-clim.com\/index.php\/wp-json\/wp\/v2\/product_tag?post=69857"}],"curies":[{"name":"wp","href":"https:\/\/api.w.org\/{rel}","templated":true}]}}