{"id":2527,"date":"2020-12-10T10:37:34","date_gmt":"2020-12-10T09:37:34","guid":{"rendered":"http:\/\/abinox-chr-clim.com\/?page_id=2527"},"modified":"2022-02-24T09:41:26","modified_gmt":"2022-02-24T08:41:26","slug":"depannage-climatisation","status":"publish","type":"page","link":"https:\/\/abinox-chr-clim.com\/index.php\/depannage-climatisation\/","title":{"rendered":"D\u00e9pannage climatisation"},"content":{"rendered":"<div class=\"wpb-content-wrapper\"><p>[vc_row wrap_container=\u00a0\u00bbyes\u00a0\u00bb el_class=\u00a0\u00bbpy-5&Prime;][vc_column][vc_column_text]Si vous constatez que votre syst\u00e8me de climatisation ne fonctionne pas comme au premier jour, et que vous apercevez une pr\u00e9sence de condensations autour, alors le dysfonctionnement et la panne ne sont pas loin ! Le <b>d\u00e9pannage climatisation<\/b> est donc \u00e0 envisager.<\/p>\n<p>Faites appel \u00e0 notre \u00e9quipe technique de frigoriste sp\u00e9cialis\u00e9 en g\u00e9nie climatique, qui seront disponibles rapidement chez vous ou dans vos locaux. L\u2019expertise des services se retrouve dans tous nos m\u00e9tiers de l\u2019installation, la maintenance et du d\u00e9pannage de vos installations de climatisation pour vous assurer un meilleur traitement de l&rsquo;air.[\/vc_column_text][vc_row_inner][vc_column_inner offset=\u00a0\u00bbvc_col-md-6&Prime;]<style>.porto-info-liste4494abff002b943aa847c6902851ae0 i { color: #e8465f;font-size: 14px; }<\/style><ul class=\"porto-info-list mb-4 pb-2 porto-info-liste4494abff002b943aa847c6902851ae0 wpb_custom_605e968d34621e6df4dfcffa2eeb43cc\"><li class=\"porto-info-list-item  wpb_custom_eade0171093a7591372ccf9372738e3d\"><i class=\"porto-info-icon fas fa-check\"><\/i><div class=\"porto-info-list-item-desc\">D\u00e9pannage rapide de nos techniciens<\/div><\/li><li class=\"porto-info-list-item  wpb_custom_eade0171093a7591372ccf9372738e3d\"><i class=\"porto-info-icon fas fa-check\"><\/i><div class=\"porto-info-list-item-desc\">Techniciens agr\u00e9\u00e9s<\/div><\/li><li class=\"porto-info-list-item  wpb_custom_eade0171093a7591372ccf9372738e3d\"><i class=\"porto-info-icon fas fa-check\"><\/i><div class=\"porto-info-list-item-desc\">Service apr\u00e8s-vente de qualit\u00e9<\/div><\/li><\/ul><div class=\"porto-animation d-flex align-items-center justify-content-start mb-4\"  data-appear-animation=\"fadeIn\" data-appear-animation-delay=\"700\">[vc_custom_heading text=\u00a0\u00bbExperts en d\u00e9pannage<br \/>\nfrigorifique\u00a0\u00bb font_container=\u00a0\u00bbtag:h5|font_size:1.4em|text_align:left|line_height:1.4&Prime; use_theme_fonts=\u00a0\u00bbyes\u00a0\u00bb font_weight=\u00a0\u00bb700&Prime; skin=\u00a0\u00bbdark\u00a0\u00bb el_class=\u00a0\u00bbml-3 mb-1&Prime;]<\/div>[\/vc_column_inner][vc_column_inner offset=\u00a0\u00bbvc_col-md-6&Prime;][vc_single_image image=\u00a0\u00bb3054&Prime; img_size=\u00a0\u00bbblog-masonry\u00a0\u00bb el_class=\u00a0\u00bbbox-shadow-1 mt-4 mt-lg-0 ml-lg-3 p-3 mb-3&Prime;][\/vc_column_inner][\/vc_row_inner][\/vc_column][\/vc_row][vc_row full_width=\u00a0\u00bbstretch_row_content_no_spaces\u00a0\u00bb el_class=\u00a0\u00bbpx-0&Prime;][vc_column width=\u00a0\u00bb1\/2&Prime; css=\u00a0\u00bb.vc_custom_1607592778997{padding-top: 4.5rem !important;padding-bottom: 4.5rem !important;background-color: #e52f4b !important;background-position: center !important;background-repeat: no-repeat !important;background-size: cover !important;}\u00a0\u00bb]<div class=\"porto-ultimate-content-box-container col-half-section mb-0 col-half-section-right\"><style>.porto_ucb_21b6bf01188be9ba0119a2cb5c097588{will-change: box-shadow;box-shadow: none;}.porto_ucb_21b6bf01188be9ba0119a2cb5c097588:hover{box-shadow:none}<\/style><div class=\"porto-ultimate-content-box porto_ucb_21b6bf01188be9ba0119a2cb5c097588\" style=\"\">[vc_custom_heading text=\u00a0\u00bbService fiable\u00a0\u00bb font_container=\u00a0\u00bbtag:h5|text_align:left\u00a0\u00bb use_theme_fonts=\u00a0\u00bbyes\u00a0\u00bb font_weight=\u00a0\u00bb600&Prime; skin=\u00a0\u00bblight\u00a0\u00bb letter_spacing=\u00a0\u00bb0&Prime; show_border=\u00a0\u00bbyes\u00a0\u00bb border_skin=\u00a0\u00bblight\u00a0\u00bb border_type=\u00a0\u00bbmiddle-border-reverse\u00a0\u00bb border_size=\u00a0\u00bblg\u00a0\u00bb animation_delay=\u00a0\u00bb100&Prime; el_class=\u00a0\u00bbmb-1&Prime; animation_type=\u00a0\u00bbfadeInLeft\u00a0\u00bb css=\u00a0\u00bb.vc_custom_1607844475920{padding-left: 10px !important;}\u00a0\u00bb][vc_custom_heading text=\u00a0\u00bbExpert en d\u00e9pannage climatisation\u00a0\u00bb font_container=\u00a0\u00bbtag:h2|font_size:2.2em|text_align:left|line_height:1.4&Prime; use_theme_fonts=\u00a0\u00bbyes\u00a0\u00bb skin=\u00a0\u00bblight\u00a0\u00bb animation_delay=\u00a0\u00bb200&Prime; el_class=\u00a0\u00bbmb-1&Prime; animation_type=\u00a0\u00bbfadeInLeft\u00a0\u00bb css=\u00a0\u00bb.vc_custom_1609932577280{padding-left: 10px !important;}\u00a0\u00bb][vc_custom_heading text=\u00a0\u00bbSp\u00e9cialistes du d\u00e9pannage climatisation en \u00cele-de-France, nous intervenons aupr\u00e8s de professionnels et de particulier afin d&rsquo;assurer la r\u00e9paration de climatisation ainsi qu&rsquo;aupr\u00e8s des particuliers pour assurer un SAV de leurs climatiseurs.\u00a0\u00bb font_container=\u00a0\u00bbtag:p|text_align:left\u00a0\u00bb use_theme_fonts=\u00a0\u00bbyes\u00a0\u00bb skin=\u00a0\u00bblight\u00a0\u00bb animation_delay=\u00a0\u00bb200&Prime; el_class=\u00a0\u00bbpt-3 mb-0&Prime; animation_type=\u00a0\u00bbfadeInLeft\u00a0\u00bb css=\u00a0\u00bb.vc_custom_1609931749529{padding-left: 10px !important;}\u00a0\u00bb]<\/div><\/div>[\/vc_column][vc_column width=\u00a0\u00bb1\/2&Prime; text_align=\u00a0\u00bbright\u00a0\u00bb el_class=\u00a0\u00bbbackground-color-primary\u00a0\u00bb css=\u00a0\u00bb.vc_custom_1608196812133{padding-top: 4.5rem !important;padding-bottom: 4.5rem !important;}\u00a0\u00bb]<div class=\"porto-ultimate-content-box-container col-half-section mb-0\"><style>.porto_ucb_21b6bf01188be9ba0119a2cb5c097588{will-change: box-shadow;box-shadow: none;}.porto_ucb_21b6bf01188be9ba0119a2cb5c097588:hover{box-shadow:none}<\/style><div class=\"porto-ultimate-content-box porto_ucb_21b6bf01188be9ba0119a2cb5c097588\" style=\"\">[vc_custom_heading text=\u00a0\u00bbExp\u00e9riment\u00e9 et reconnu\u00a0\u00bb font_container=\u00a0\u00bbtag:h5|text_align:right\u00a0\u00bb use_theme_fonts=\u00a0\u00bbyes\u00a0\u00bb font_weight=\u00a0\u00bb600&Prime; skin=\u00a0\u00bblight\u00a0\u00bb letter_spacing=\u00a0\u00bb0&Prime; show_border=\u00a0\u00bbyes\u00a0\u00bb border_skin=\u00a0\u00bblight\u00a0\u00bb border_type=\u00a0\u00bbmiddle-border\u00a0\u00bb border_size=\u00a0\u00bblg\u00a0\u00bb animation_delay=\u00a0\u00bb100&Prime; el_class=\u00a0\u00bbmb-1&Prime; animation_type=\u00a0\u00bbfadeInRight\u00a0\u00bb][vc_custom_heading text=\u00a0\u00bbHabilit\u00e9 &amp; certifi\u00e9 socotec\u00a0\u00bb font_container=\u00a0\u00bbtag:h2|font_size:2.2em|text_align:right|line_height:1.4&Prime; use_theme_fonts=\u00a0\u00bbyes\u00a0\u00bb skin=\u00a0\u00bblight\u00a0\u00bb animation_delay=\u00a0\u00bb200&Prime; el_class=\u00a0\u00bbmb-1&Prime; animation_type=\u00a0\u00bbfadeInRight\u00a0\u00bb][vc_column_text css_animation=\u00a0\u00bbfadeInRight\u00a0\u00bb el_class=\u00a0\u00bbpt-3 mb-0&Prime;]<span style=\"color: #fff; opacity: 0.7;\">Le groupe SOCOTEC est un tiers de confiance ind\u00e9pendant qui a plus de 250\u00a0agr\u00e9ments et accr\u00e9ditations d\u00e9livr\u00e9es apr\u00e8s \u00e9valuation, par diff\u00e9rents minist\u00e8res tels que : le minist\u00e8re l\u2019Int\u00e9rieur et des collectivit\u00e9s territoriales, de l\u2019\u00e9cologie et du d\u00e9veloppement durable, etc\u2026) mais aussi par les autorit\u00e9s de tutelle comme : la s\u00fbret\u00e9 nucl\u00e9aire, EDF, ANFAS, AFNOR, etc\u2026).<\/span><\/p>\n<p><img decoding=\"async\" class=\"alignnone size-full wp-image-2842\" src=\"http:\/\/abinox-chr-clim.com\/wp-content\/uploads\/2020\/12\/logo-socotech-blanc.png\" alt=\"Agr\u00e9\u00e9 socotec\" width=\"100\" height=\"80\" \/>[\/vc_column_text]<\/div><\/div>[\/vc_column][\/vc_row][vc_row content_placement=\u00a0\u00bbmiddle\u00a0\u00bb wrap_container=\u00a0\u00bbyes\u00a0\u00bb el_class=\u00a0\u00bbpy-5 mt-3&Prime;][vc_column el_class=\u00a0\u00bbpb-4 pb-lg-0&Prime; offset=\u00a0\u00bbvc_col-md-5&Prime;][vc_single_image image=\u00a0\u00bb3056&Prime; img_size=\u00a0\u00bbblog-masonry\u00a0\u00bb el_class=\u00a0\u00bbp-3 box-shadow-1 mb-3 mr-lg-3&Prime;][\/vc_column][vc_column offset=\u00a0\u00bbvc_col-md-7&Prime;][vc_column_text]Inspection des filtres \u00e0 air de votre clim, raccordement du groupe ext\u00e9rieur, recharge du r\u00e9frig\u00e9rant, contr\u00f4le des conduits, climatisation split, r\u00e9versible, fixation murale. Nos techniciens inspecteront tous les points n\u00e9cessaires au bon fonctionnement de votre syst\u00e8me de climatisation pour r\u00e9aliser un d\u00e9pannage rapide de votre clim et vous offrir une meilleure qualit\u00e9 de l&rsquo;air.<\/p>\n<p>Notre service de d\u00e9pannage fait preuve de r\u00e9activit\u00e9 et assure un contr\u00f4le de toutes vos unit\u00e9s int\u00e9rieures telles que les cassettes, afin de d\u00e9terminer les cas de pannes de votre mat\u00e9riel d\u00e9fectueux car celui-ci peut \u00eatre dangereux et les cons\u00e9quences peuvent \u00eatre tr\u00e8s s\u00e9rieuses ! La panne d\u2019un \u00e9quipement n\u00e9cessite de faire appel \u00e0 un professionnel form\u00e9 et \u00e9quip\u00e9 qui vous fournira un travail de qualit\u00e9.<\/p>\n<p>Nos techniciens sont \u00e0 m\u00eame d\u2019intervenir rapidement pour pallier aux probl\u00e8mes et pannes de vos \u00e9quipements. Notre priorit\u00e9 \u00e9tant d\u2019effectuer la r\u00e9paration n\u00e9cessaire \u00e0 la mise en service de votre air conditionn\u00e9 sans d\u00e9lais.[\/vc_column_text][\/vc_column][\/vc_row][vc_row full_width=\u00a0\u00bbstretch_row_content_no_spaces\u00a0\u00bb content_placement=\u00a0\u00bbmiddle\u00a0\u00bb wrap_container=\u00a0\u00bbyes\u00a0\u00bb is_section=\u00a0\u00bbyes\u00a0\u00bb section_skin=\u00a0\u00bbsecondary\u00a0\u00bb remove_margin_top=\u00a0\u00bbyes\u00a0\u00bb remove_margin_bottom=\u00a0\u00bbyes\u00a0\u00bb remove_border=\u00a0\u00bbyes\u00a0\u00bb css=\u00a0\u00bb.vc_custom_1645692130538{margin-left: 10px !important;padding-top: 70px !important;padding-bottom: 70px !important;background-color: #005c9b !important;}\u00a0\u00bb][vc_column offset=\u00a0\u00bbvc_col-lg-5&Prime;][vc_custom_heading text=\u00a0\u00bbOpter pour notre service clef en main\u00a0\u00bb font_container=\u00a0\u00bbtag:h5|text_align:left|line_height:1.6&Prime; use_theme_fonts=\u00a0\u00bbyes\u00a0\u00bb text_transform=\u00a0\u00bbtext-uppercase\u00a0\u00bb font_weight=\u00a0\u00bb600&Prime; skin=\u00a0\u00bblight\u00a0\u00bb letter_spacing=\u00a0\u00bb0&Prime; show_border=\u00a0\u00bbyes\u00a0\u00bb border_skin=\u00a0\u00bbprimary\u00a0\u00bb border_type=\u00a0\u00bbmiddle-border-reverse\u00a0\u00bb border_size=\u00a0\u00bblg\u00a0\u00bb animation_delay=\u00a0\u00bb300&Prime; animation_type=\u00a0\u00bbfadeInLeft\u00a0\u00bb el_class=\u00a0\u00bbmb-1&Prime; css=\u00a0\u00bb.vc_custom_1608196999888{padding-left: 10px !important;background-position: 0 0 !important;background-repeat: no-repeat !important;}\u00a0\u00bb][vc_custom_heading text=\u00a0\u00bbConfiez-nous votre projet<br \/>\non s\u2019occupe de tout.\u00a0\u00bb font_container=\u00a0\u00bbtag:h2|font_size:2.2em|text_align:left|line_height:1.4&Prime; use_theme_fonts=\u00a0\u00bbyes\u00a0\u00bb skin=\u00a0\u00bblight\u00a0\u00bb animation_delay=\u00a0\u00bb400&Prime; el_class=\u00a0\u00bbmb-1&Prime; animation_type=\u00a0\u00bbfadeInLeft\u00a0\u00bb][\/vc_column][vc_column offset=\u00a0\u00bbvc_col-lg-offset-1 vc_col-lg-6&Prime; el_class=\u00a0\u00bbtext-xl-right\u00a0\u00bb]<div class=\"porto-animation d-inline-block v-middle\"  data-appear-animation=\"fadeInRight\" data-appear-animation-delay=\"700\"><div class=\"porto-sicon-box mb-0 mr-4 pr-2 py-3  wpb_custom_1efe903570d178ff0a9b7bfa5febd3a4 style_1 default-icon\"><div class=\"porto-sicon-default\"><div class=\"porto-just-icon-wrapper porto-sicon-img  porto-icon-e3e40fb8c88328cee291575adca205d9\" style=\"background:#dde2ea;padding:15px;border-radius:24px;font-size: 18px;\"><img decoding=\"async\" class=\"img-icon\" alt=\"\" src=\"\/\/sw-themes.com\/porto_dummy\/wp-content\/uploads\/images\/business-consulting-2\/icons\/phone.svg\" width=\"18\" height=\"18\" \/><\/div><\/div><div class=\"porto-sicon-header\"><a class=\"porto-sicon-box-link\" href=\"#\"><h4 class=\"porto-sicon-title\" style=\"font-weight:600;font-size:1.2em;line-height:1.2;letter-spacing:0;\">06 14 05 66 06<\/h4><\/a><\/div> <!-- header --><\/div><!-- porto-sicon-box --><\/div>[vc_btn title=\u00a0\u00bbJe contacte ABINOX\u00a0\u00bb style=\u00a0\u00bbmodern\u00a0\u00bb size=\u00a0\u00bblg\u00a0\u00bb skin=\u00a0\u00bbprimary\u00a0\u00bb animation_delay=\u00a0\u00bb900&Prime; link=\u00a0\u00bburl:http%3A%2F%2Fwww.abinox-chr-clim.com%2Findex.php%2Fcontact%2F\u00a0\u00bb el_class=\u00a0\u00bbmb-0 v-middle\u00a0\u00bb animation_type=\u00a0\u00bbfadeInRight\u00a0\u00bb][\/vc_column][\/vc_row]<\/p>\n<\/div>","protected":false},"excerpt":{"rendered":"<p>[vc_row wrap_container=\u00a0\u00bbyes\u00a0\u00bb el_class=\u00a0\u00bbpy-5&Prime;][vc_column][vc_column_text]Si vous constatez que votre syst\u00e8me de climatisation ne fonctionne pas comme au premier jour, et que vous apercevez une pr\u00e9sence de condensations autour, alors le dysfonctionnement et la panne ne sont pas loin ! Le d\u00e9pannage climatisation est donc \u00e0 envisager. Faites appel \u00e0 notre \u00e9quipe technique de frigoriste sp\u00e9cialis\u00e9 en g\u00e9nie [&hellip;]<\/p>\n","protected":false},"author":7,"featured_media":0,"parent":0,"menu_order":0,"comment_status":"closed","ping_status":"closed","template":"","meta":{"footnotes":""},"class_list":["post-2527","page","type-page","status-publish","hentry"],"_links":{"self":[{"href":"https:\/\/abinox-chr-clim.com\/index.php\/wp-json\/wp\/v2\/pages\/2527","targetHints":{"allow":["GET"]}}],"collection":[{"href":"https:\/\/abinox-chr-clim.com\/index.php\/wp-json\/wp\/v2\/pages"}],"about":[{"href":"https:\/\/abinox-chr-clim.com\/index.php\/wp-json\/wp\/v2\/types\/page"}],"author":[{"embeddable":true,"href":"https:\/\/abinox-chr-clim.com\/index.php\/wp-json\/wp\/v2\/users\/7"}],"replies":[{"embeddable":true,"href":"https:\/\/abinox-chr-clim.com\/index.php\/wp-json\/wp\/v2\/comments?post=2527"}],"version-history":[{"count":0,"href":"https:\/\/abinox-chr-clim.com\/index.php\/wp-json\/wp\/v2\/pages\/2527\/revisions"}],"wp:attachment":[{"href":"https:\/\/abinox-chr-clim.com\/index.php\/wp-json\/wp\/v2\/media?parent=2527"}],"curies":[{"name":"wp","href":"https:\/\/api.w.org\/{rel}","templated":true}]}}